{"id":31814,"date":"2021-04-29T11:43:52","date_gmt":"2021-04-29T14:43:52","guid":{"rendered":"http:\/\/rapidetech.com.br\/?post_type=product&#038;p=31814"},"modified":"2026-04-16T09:20:07","modified_gmt":"2026-04-16T12:20:07","slug":"cabo-audio-rca-van-den-hul-plugs-nakamichi-par-05m","status":"publish","type":"product","link":"https:\/\/rapidetech.com.br\/en\/product\/cabo-audio-rca-van-den-hul-plugs-nakamichi-par-05m\/","title":{"rendered":"Cabos  audio RCA Van den hul + plugs Nakamichi  (PAR) -0,5m"},"content":{"rendered":"<h1>Cabos de audio Van den hul + plugs Nakamichi RCA\u00a0 &#8211; 0,5 metros<\/h1>\n<h3>Descri\u00e7\u00e3o do cabo\u00a0 :<\/h3>\n<ul>\n<li>1 PAR\u00a0 Cabo de audio de alta qualidade e resolucao de \u00e1udio<\/li>\n<li>Blindado de alta qualidade \/<span style=\"font-size: 10.5pt; font-family: 'Arial',sans-serif; color: #242424;\"><span style=\"font-size: 10.5pt; font-family: 'Arial',sans-serif; color: #242424;\">\u00a0montagem artesanal\u00a0<\/span><\/span><\/li>\n<li style=\"line-height: 16.5pt; background: white;\"><span style=\"font-size: 10.5pt; font-family: 'Arial',sans-serif; color: #242424;\">Dissipa\u00e7\u00e3o de Ru\u00eddos (NDS)<\/span><\/li>\n<li>Cobre de superficie polida PSC ,prata e Gold Plated 24k<\/li>\n<li>Extens\u00e3o: 0,5 m<\/li>\n<li><span style=\"font-size: 10.5pt; font-family: 'Arial',sans-serif; color: #242424;\">Sobrecapa cabo : amarela mkii 102 e plugs preto Nakamichi\u00a0\u00a0<\/span><\/li>\n<\/ul>\n<p>&nbsp;<\/p>\n<p><strong>Conte\u00fado da embalagem<\/strong>:<\/p>\n<p>1 par de cabo audio rca Nakamichi<\/p>\n<h3><\/h3>\n<p>O.b.s\u00a0 O Cabo de audio RCA tem alta qualidade de \u00e1udio e \u00e9 ideal para efeito est\u00e9reo e realidade aumentada , para cd player , receiver ,pre &#8211; amplificador,amplificadores de potencia.<\/p>\n<p>Tambem temos modelo high end com plugs Nakamichi de 10 mm ,consulte !<\/p>\n<p>&nbsp;<\/p>","protected":false},"excerpt":{"rendered":"<h3>Cabo audio Van den Hul e plugs Nakamichi :<\/h3>\n<ul>\n<li>Cabo de audio RCA de alta resolu\u00e7\u00e3o de \u00e1udio<\/li>\n<li>Blindado de alta qualidade<\/li>\n<li>Cobre e Gold Plated 24k<\/li>\n<li>Extens\u00e3o: 0.5 m<\/li>\n<\/ul>\n<p>&nbsp;<\/p>\n<p><strong>Conte\u00fado da embalagem:<\/strong><\/p>\n<ul>\n<li style=\"list-style-type: none;\">\n<ul>\n<li>1 par de cabo de audio c\/ plugs Naamichi &#8211; 0.5 m<\/li>\n<\/ul>\n<\/li>\n<\/ul>","protected":false},"featured_media":31816,"comment_status":"open","ping_status":"closed","template":"","meta":[],"product_brand":[],"product_cat":[18,22],"product_tag":[69,68,392,61,67,71],"class_list":{"0":"post-31814","1":"product","2":"type-product","3":"status-publish","4":"has-post-thumbnail","6":"product_cat-accessorios","7":"product_cat-audio","8":"product_tag-marantz","9":"product_tag-onkyo","10":"product_tag-rca","11":"product_tag-receiver","12":"product_tag-x-box","13":"product_tag-yamaha","14":"product_shipping_class-normal","16":"first","17":"instock","18":"purchasable","19":"product-type-simple"},"yoast_head":"<!-- This site is optimized with the Yoast SEO plugin v27.4 - https:\/\/yoast.com\/product\/yoast-seo-wordpress\/ -->\n<title>Cabos audio RCA Van den hul + plugs Nakamichi (PAR) -0,5m - Rapidetech<\/title>\n<meta name=\"robots\" content=\"index, follow, max-snippet:-1, max-image-preview:large, max-video-preview:-1\" \/>\n<link rel=\"canonical\" href=\"https:\/\/rapidetech.com.br\/en\/product\/cabo-audio-rca-van-den-hul-plugs-nakamichi-par-05m\/\" \/>\n<meta property=\"og:locale\" content=\"en_US\" \/>\n<meta property=\"og:type\" content=\"article\" \/>\n<meta property=\"og:title\" content=\"Cabos audio RCA Van den hul + plugs Nakamichi (PAR) -0,5m - Rapidetech\" \/>\n<meta property=\"og:description\" content=\"Cabo audio Van den Hul e plugs Nakamichi :   Cabo de audio RCA de alta resolu\u00e7\u00e3o de \u00e1udio  Blindado de alta qualidade  Cobre e Gold Plated 24k  Extens\u00e3o: 0.5 m  &nbsp;  Conte\u00fado da embalagem:      1 par de cabo de audio c\/ plugs Naamichi - 0.5 m\" \/>\n<meta property=\"og:url\" content=\"https:\/\/rapidetech.com.br\/en\/product\/cabo-audio-rca-van-den-hul-plugs-nakamichi-par-05m\/\" \/>\n<meta property=\"og:site_name\" content=\"Rapidetech\" \/>\n<meta property=\"article:modified_time\" content=\"2026-04-16T12:20:07+00:00\" \/>\n<meta property=\"og:image\" content=\"https:\/\/rapidetech.com.br\/wp-content\/uploads\/2021\/04\/H03d2005cb263486b8603405e8ec798db7-Copia-7-e1699022144697.jpg\" \/>\n\t<meta property=\"og:image:width\" content=\"600\" \/>\n\t<meta property=\"og:image:height\" content=\"600\" \/>\n\t<meta property=\"og:image:type\" content=\"image\/jpeg\" \/>\n<meta name=\"twitter:card\" content=\"summary_large_image\" \/>\n<meta name=\"twitter:label1\" content=\"Est. reading time\" \/>\n\t<meta name=\"twitter:data1\" content=\"1 minute\" \/>\n<script type=\"application\/ld+json\" class=\"yoast-schema-graph\">{\"@context\":\"https:\\\/\\\/schema.org\",\"@graph\":[{\"@type\":\"WebPage\",\"@id\":\"https:\\\/\\\/rapidetech.com.br\\\/produto\\\/cabo-audio-rca-van-den-hul-plugs-nakamichi-par-05m\\\/\",\"url\":\"https:\\\/\\\/rapidetech.com.br\\\/produto\\\/cabo-audio-rca-van-den-hul-plugs-nakamichi-par-05m\\\/\",\"name\":\"Cabos audio RCA Van den hul + plugs Nakamichi (PAR) -0,5m - Rapidetech\",\"isPartOf\":{\"@id\":\"https:\\\/\\\/rapidetech.com.br\\\/#website\"},\"primaryImageOfPage\":{\"@id\":\"https:\\\/\\\/rapidetech.com.br\\\/produto\\\/cabo-audio-rca-van-den-hul-plugs-nakamichi-par-05m\\\/#primaryimage\"},\"image\":{\"@id\":\"https:\\\/\\\/rapidetech.com.br\\\/produto\\\/cabo-audio-rca-van-den-hul-plugs-nakamichi-par-05m\\\/#primaryimage\"},\"thumbnailUrl\":\"https:\\\/\\\/rapidetech.com.br\\\/wp-content\\\/uploads\\\/2021\\\/04\\\/H03d2005cb263486b8603405e8ec798db7-Copia-7-e1699022144697.jpg\",\"datePublished\":\"2021-04-29T14:43:52+00:00\",\"dateModified\":\"2026-04-16T12:20:07+00:00\",\"breadcrumb\":{\"@id\":\"https:\\\/\\\/rapidetech.com.br\\\/produto\\\/cabo-audio-rca-van-den-hul-plugs-nakamichi-par-05m\\\/#breadcrumb\"},\"inLanguage\":\"en-US\",\"potentialAction\":[{\"@type\":\"ReadAction\",\"target\":[\"https:\\\/\\\/rapidetech.com.br\\\/produto\\\/cabo-audio-rca-van-den-hul-plugs-nakamichi-par-05m\\\/\"]}]},{\"@type\":\"ImageObject\",\"inLanguage\":\"en-US\",\"@id\":\"https:\\\/\\\/rapidetech.com.br\\\/produto\\\/cabo-audio-rca-van-den-hul-plugs-nakamichi-par-05m\\\/#primaryimage\",\"url\":\"https:\\\/\\\/rapidetech.com.br\\\/wp-content\\\/uploads\\\/2021\\\/04\\\/H03d2005cb263486b8603405e8ec798db7-Copia-7-e1699022144697.jpg\",\"contentUrl\":\"https:\\\/\\\/rapidetech.com.br\\\/wp-content\\\/uploads\\\/2021\\\/04\\\/H03d2005cb263486b8603405e8ec798db7-Copia-7-e1699022144697.jpg\",\"width\":600,\"height\":600},{\"@type\":\"BreadcrumbList\",\"@id\":\"https:\\\/\\\/rapidetech.com.br\\\/produto\\\/cabo-audio-rca-van-den-hul-plugs-nakamichi-par-05m\\\/#breadcrumb\",\"itemListElement\":[{\"@type\":\"ListItem\",\"position\":1,\"name\":\"In\u00edcio\",\"item\":\"https:\\\/\\\/rapidetech.com.br\\\/\"},{\"@type\":\"ListItem\",\"position\":2,\"name\":\"Produtos\",\"item\":\"https:\\\/\\\/rapidetech.com.br\\\/produtos\\\/\"},{\"@type\":\"ListItem\",\"position\":3,\"name\":\"Cabos audio RCA Van den hul + plugs Nakamichi (PAR) -0,5m\"}]},{\"@type\":\"WebSite\",\"@id\":\"https:\\\/\\\/rapidetech.com.br\\\/#website\",\"url\":\"https:\\\/\\\/rapidetech.com.br\\\/\",\"name\":\"Rapidetech\",\"description\":\"Audio e video\",\"publisher\":{\"@id\":\"https:\\\/\\\/rapidetech.com.br\\\/#organization\"},\"potentialAction\":[{\"@type\":\"SearchAction\",\"target\":{\"@type\":\"EntryPoint\",\"urlTemplate\":\"https:\\\/\\\/rapidetech.com.br\\\/?s={search_term_string}\"},\"query-input\":{\"@type\":\"PropertyValueSpecification\",\"valueRequired\":true,\"valueName\":\"search_term_string\"}}],\"inLanguage\":\"en-US\"},{\"@type\":\"Organization\",\"@id\":\"https:\\\/\\\/rapidetech.com.br\\\/#organization\",\"name\":\"Rapidetech\",\"url\":\"https:\\\/\\\/rapidetech.com.br\\\/\",\"logo\":{\"@type\":\"ImageObject\",\"inLanguage\":\"en-US\",\"@id\":\"https:\\\/\\\/rapidetech.com.br\\\/#\\\/schema\\\/logo\\\/image\\\/\",\"url\":\"https:\\\/\\\/rapidetech.com.br\\\/wp-content\\\/uploads\\\/2022\\\/08\\\/RAPIDETECH-AUDIO-E-VIDEO.jpg\",\"contentUrl\":\"https:\\\/\\\/rapidetech.com.br\\\/wp-content\\\/uploads\\\/2022\\\/08\\\/RAPIDETECH-AUDIO-E-VIDEO.jpg\",\"width\":236,\"height\":213,\"caption\":\"Rapidetech\"},\"image\":{\"@id\":\"https:\\\/\\\/rapidetech.com.br\\\/#\\\/schema\\\/logo\\\/image\\\/\"},\"sameAs\":[\"https:\\\/\\\/rapidetech.com.br\\\/\",\"https:\\\/\\\/www.youtube.com\\\/channel\\\/UCQWlsTr9MvbqwWAekYtMNLQ\"]}]}<\/script>\n<!-- \/ Yoast SEO plugin. -->","yoast_head_json":{"title":"Cabos audio RCA Van den hul + plugs Nakamichi (PAR) -0,5m - Rapidetech","robots":{"index":"index","follow":"follow","max-snippet":"max-snippet:-1","max-image-preview":"max-image-preview:large","max-video-preview":"max-video-preview:-1"},"canonical":"https:\/\/rapidetech.com.br\/en\/product\/cabo-audio-rca-van-den-hul-plugs-nakamichi-par-05m\/","og_locale":"en_US","og_type":"article","og_title":"Cabos audio RCA Van den hul + plugs Nakamichi (PAR) -0,5m - Rapidetech","og_description":"Cabo audio Van den Hul e plugs Nakamichi :   Cabo de audio RCA de alta resolu\u00e7\u00e3o de \u00e1udio  Blindado de alta qualidade  Cobre e Gold Plated 24k  Extens\u00e3o: 0.5 m  &nbsp;  Conte\u00fado da embalagem:      1 par de cabo de audio c\/ plugs Naamichi - 0.5 m","og_url":"https:\/\/rapidetech.com.br\/en\/product\/cabo-audio-rca-van-den-hul-plugs-nakamichi-par-05m\/","og_site_name":"Rapidetech","article_modified_time":"2026-04-16T12:20:07+00:00","og_image":[{"width":600,"height":600,"url":"https:\/\/rapidetech.com.br\/wp-content\/uploads\/2021\/04\/H03d2005cb263486b8603405e8ec798db7-Copia-7-e1699022144697.jpg","type":"image\/jpeg"}],"twitter_card":"summary_large_image","twitter_misc":{"Est. reading time":"1 minute"},"schema":{"@context":"https:\/\/schema.org","@graph":[{"@type":"WebPage","@id":"https:\/\/rapidetech.com.br\/produto\/cabo-audio-rca-van-den-hul-plugs-nakamichi-par-05m\/","url":"https:\/\/rapidetech.com.br\/produto\/cabo-audio-rca-van-den-hul-plugs-nakamichi-par-05m\/","name":"Cabos audio RCA Van den hul + plugs Nakamichi (PAR) -0,5m - Rapidetech","isPartOf":{"@id":"https:\/\/rapidetech.com.br\/#website"},"primaryImageOfPage":{"@id":"https:\/\/rapidetech.com.br\/produto\/cabo-audio-rca-van-den-hul-plugs-nakamichi-par-05m\/#primaryimage"},"image":{"@id":"https:\/\/rapidetech.com.br\/produto\/cabo-audio-rca-van-den-hul-plugs-nakamichi-par-05m\/#primaryimage"},"thumbnailUrl":"https:\/\/rapidetech.com.br\/wp-content\/uploads\/2021\/04\/H03d2005cb263486b8603405e8ec798db7-Copia-7-e1699022144697.jpg","datePublished":"2021-04-29T14:43:52+00:00","dateModified":"2026-04-16T12:20:07+00:00","breadcrumb":{"@id":"https:\/\/rapidetech.com.br\/produto\/cabo-audio-rca-van-den-hul-plugs-nakamichi-par-05m\/#breadcrumb"},"inLanguage":"en-US","potentialAction":[{"@type":"ReadAction","target":["https:\/\/rapidetech.com.br\/produto\/cabo-audio-rca-van-den-hul-plugs-nakamichi-par-05m\/"]}]},{"@type":"ImageObject","inLanguage":"en-US","@id":"https:\/\/rapidetech.com.br\/produto\/cabo-audio-rca-van-den-hul-plugs-nakamichi-par-05m\/#primaryimage","url":"https:\/\/rapidetech.com.br\/wp-content\/uploads\/2021\/04\/H03d2005cb263486b8603405e8ec798db7-Copia-7-e1699022144697.jpg","contentUrl":"https:\/\/rapidetech.com.br\/wp-content\/uploads\/2021\/04\/H03d2005cb263486b8603405e8ec798db7-Copia-7-e1699022144697.jpg","width":600,"height":600},{"@type":"BreadcrumbList","@id":"https:\/\/rapidetech.com.br\/produto\/cabo-audio-rca-van-den-hul-plugs-nakamichi-par-05m\/#breadcrumb","itemListElement":[{"@type":"ListItem","position":1,"name":"In\u00edcio","item":"https:\/\/rapidetech.com.br\/"},{"@type":"ListItem","position":2,"name":"Produtos","item":"https:\/\/rapidetech.com.br\/produtos\/"},{"@type":"ListItem","position":3,"name":"Cabos audio RCA Van den hul + plugs Nakamichi (PAR) -0,5m"}]},{"@type":"WebSite","@id":"https:\/\/rapidetech.com.br\/#website","url":"https:\/\/rapidetech.com.br\/","name":"Rapidetech","description":"Audio e video","publisher":{"@id":"https:\/\/rapidetech.com.br\/#organization"},"potentialAction":[{"@type":"SearchAction","target":{"@type":"EntryPoint","urlTemplate":"https:\/\/rapidetech.com.br\/?s={search_term_string}"},"query-input":{"@type":"PropertyValueSpecification","valueRequired":true,"valueName":"search_term_string"}}],"inLanguage":"en-US"},{"@type":"Organization","@id":"https:\/\/rapidetech.com.br\/#organization","name":"Rapidetech","url":"https:\/\/rapidetech.com.br\/","logo":{"@type":"ImageObject","inLanguage":"en-US","@id":"https:\/\/rapidetech.com.br\/#\/schema\/logo\/image\/","url":"https:\/\/rapidetech.com.br\/wp-content\/uploads\/2022\/08\/RAPIDETECH-AUDIO-E-VIDEO.jpg","contentUrl":"https:\/\/rapidetech.com.br\/wp-content\/uploads\/2022\/08\/RAPIDETECH-AUDIO-E-VIDEO.jpg","width":236,"height":213,"caption":"Rapidetech"},"image":{"@id":"https:\/\/rapidetech.com.br\/#\/schema\/logo\/image\/"},"sameAs":["https:\/\/rapidetech.com.br\/","https:\/\/www.youtube.com\/channel\/UCQWlsTr9MvbqwWAekYtMNLQ"]}]}},"_links":{"self":[{"href":"https:\/\/rapidetech.com.br\/en\/wp-json\/wp\/v2\/product\/31814","targetHints":{"allow":["GET"]}}],"collection":[{"href":"https:\/\/rapidetech.com.br\/en\/wp-json\/wp\/v2\/product"}],"about":[{"href":"https:\/\/rapidetech.com.br\/en\/wp-json\/wp\/v2\/types\/product"}],"replies":[{"embeddable":true,"href":"https:\/\/rapidetech.com.br\/en\/wp-json\/wp\/v2\/comments?post=31814"}],"version-history":[{"count":0,"href":"https:\/\/rapidetech.com.br\/en\/wp-json\/wp\/v2\/product\/31814\/revisions"}],"wp:featuredmedia":[{"embeddable":true,"href":"https:\/\/rapidetech.com.br\/en\/wp-json\/wp\/v2\/media\/31816"}],"wp:attachment":[{"href":"https:\/\/rapidetech.com.br\/en\/wp-json\/wp\/v2\/media?parent=31814"}],"wp:term":[{"taxonomy":"product_brand","embeddable":true,"href":"https:\/\/rapidetech.com.br\/en\/wp-json\/wp\/v2\/product_brand?post=31814"},{"taxonomy":"product_cat","embeddable":true,"href":"https:\/\/rapidetech.com.br\/en\/wp-json\/wp\/v2\/product_cat?post=31814"},{"taxonomy":"product_tag","embeddable":true,"href":"https:\/\/rapidetech.com.br\/en\/wp-json\/wp\/v2\/product_tag?post=31814"}],"curies":[{"name":"wp","href":"https:\/\/api.w.org\/{rel}","templated":true}]}}